{"id":262,"date":"2024-01-05T05:27:07","date_gmt":"2024-01-05T04:27:07","guid":{"rendered":"https:\/\/sonstige.noblogs.org\/?page_id=262"},"modified":"2024-01-05T05:28:40","modified_gmt":"2024-01-05T04:28:40","slug":"programm-kurdisch","status":"publish","type":"page","link":"https:\/\/sonstige.noblogs.org\/en-US\/programm-kurdisch\/","title":{"rendered":"Programm &#8211; bernameya partiy\u00ea (Kurmanciya Kurd\u00ee)"},"content":{"rendered":"<div class=\"lRu31\" dir=\"ltr\"><span class=\"HwtZe\" lang=\"ku\"><span class=\"HwtZe\" lang=\"ku\"><span class=\"jCAhz ChMk0b\"><span class=\"ryNqvb\"><em>Liewer d\u00fcd Slaawe<\/em><br \/>\nxwar<\/span><\/span> <span class=\"jCAhz ChMk0b\"><span class=\"ryNqvb\">Bernameya partiy\u00ea ya partiya hindikahiy\u00ea<\/span><\/span> <span class=\"jCAhz ChMk0b\"><span class=\"ryNqvb\">Y\u00ca DIN<\/span><\/span><\/span><\/span><span class=\"HwtZe\" lang=\"ku\"><span class=\"HwtZe\" lang=\"ku\"><span class=\"jCAhz ChMk0b\"><span class=\"ryNqvb\">Me\u015fa n\u00fb ya saziyan nikare bibe bersiv ji t\u00eak\u00e7\u00fbna destp\u00eak\u00ea ya tevger\u00ean civak\u00ee re.<\/span><\/span> <span class=\"jCAhz ChMk0b\"><span class=\"ryNqvb\">Her \u00e7end em erka xwe ya partiy\u00ea p\u00eak neynin j\u00ee, em bi e\u015fkere pirsa desthilatdariy\u00ea t\u00eenin rojev\u00ea!<\/span><\/span><\/span><\/span><span class=\"jCAhz ChMk0b\"><span class=\"ryNqvb\"><em>Liewer d\u00fcd Slaawe<\/em> xwar<\/span><\/span><br \/>\n<span class=\"jCAhz ChMk0b\"><span class=\"ryNqvb\">[Mirin ji ne azad \u00e7\u00eatir e]<\/span><\/span><\/p>\n<p><strong><span class=\"jCAhz ChMk0b\"><span class=\"ryNqvb\">Em \u00e7i dixwazin?<\/span><\/span><\/strong><br \/>\n<span class=\"jCAhz ChMk0b\"><span class=\"ryNqvb\">Em dixwazin bi vegerandina mijara s\u00eestem\u00ea di rojev\u00ea de xeteriyeke cid\u00ee li ser kompleksa le\u015fker\u00ee-p\u00ee\u015fesaziy\u00ea \u00e7\u00eakin.<\/span><\/span> <span class=\"jCAhz ChMk0b\"><span class=\"ryNqvb\">Em dixwazin mijar \u00fb t\u00eageh\u00ean me bigih\u00eejin girseyek kr\u00eet\u00eek ku di dem\u00ean kr\u00eez\u00ea de guhertin\u00ean k\u00fbr bi xwe re b\u00eene.<\/span><\/span><br \/>\n<strong><span class=\"jCAhz ChMk0b\"><span class=\"ryNqvb\">Em \u00e7awa dikin?<\/span><\/span> <\/strong><br \/>\n<span class=\"jCAhz ChMk0b\"><span class=\"ryNqvb\">Di p\u00eavajoya damezrandina v\u00ea partiya n\u00fb de, me konferansek tevah\u00ee li ser pirsa ku em dixwazin bi hev re \u00e7awa biaxivin \u00fb bi hev re t\u00eakildar bin, derbas kir.<\/span><\/span> <span class=\"jCAhz ChMk0b\"><span class=\"ryNqvb\">Di ziman de gelek tund\u00ee ve\u015fartiye.<\/span><\/span> <span class=\"jCAhz ChMk0b\"><span class=\"ryNqvb\">Mesele ne ew e ku her gav xwe\u015f \u00fb dostane bin \u00fb hest\u00ean m\u00eena h\u00ears \u00fb b\u00ea\u00e7aretiy\u00ea bixin bin guh\u00ea xwebaweriyek ku li her der\u00ea xuya ye, derew\u00een \u00fb daxwazek serfiraziy\u00ea.<\/span><\/span> <span class=\"jCAhz ChMk0b\"><span class=\"ryNqvb\">Em ji fraksiyonan \u00fb dubendiy\u00ean b\u00eerdoz\u00ee b\u00eazar b\u00fbne.<\/span><\/span> <span class=\"jCAhz ChMk0b\"><span class=\"ryNqvb\">Jiyana me wek\u00ee hindikahiyek \u00fb heb\u00fbna me ya ni\u015ftec\u00eeh niha bi hevalbendiyek berfireh a ji bo n\u00fbvekirinek demokrat\u00eek ve gir\u00eaday\u00ee ye: Ji n\u00fb ve destp\u00eakirina demokrat\u00eek a bingeh\u00een b\u00eay\u00ee serokat\u00ee.<\/span><\/span> <span class=\"jCAhz ChMk0b\"><span class=\"ryNqvb\">Kom \u00fb kes\u00ean ku ketine nav v\u00ea \u201ckomela y\u00ean ji hev cih\u00ea dikin\u201d \u00ead\u00ee wext\u00ea wan tune ku nasnameyek\u00ea \u00e7\u00eabikin \u00fb li xal\u00ean hevpar bigerin!<\/span><\/span> <span class=\"jCAhz ChMk0b\"><span class=\"ryNqvb\">Kar\u00ea tifaq\u00ea pir zehmet e.<\/span><\/span> <span class=\"jCAhz ChMk0b\"><span class=\"ryNqvb\">H\u00fbn her gav bi kes\u00ean ku bi bingeh\u00een xwedan raman\u00ean c\u00fbda ne re mij\u00fbl dibin.<\/span><\/span> <span class=\"jCAhz ChMk0b\"><span class=\"ryNqvb\">Di heman dem\u00ea de, civ\u00een\u00ean me y\u00ean r\u00eazdar jixwe ji bo c\u00eehana ku em dixwazin modelek in.<\/span><\/span> <span class=\"jCAhz ChMk0b\"><span class=\"ryNqvb\">Armanca me di r\u00eaxistina meya horizont\u00ee de cih girtiye.<\/span><\/span> <span class=\"jCAhz ChMk0b\"><span class=\"ryNqvb\">L\u00ea avakirina partiy\u00ea j\u00ee tevl\u00eab\u00fbna kl\u00fbb\u00ea hewce dike.<\/span><\/span> <span class=\"jCAhz ChMk0b\"><span class=\"ryNqvb\">B\u00ea hizir em dibin wes\u00eeleya \u00eemkan\u00ean xwe!<\/span><\/span> <span class=\"jCAhz ChMk0b\"><span class=\"ryNqvb\">Bi be\u015fdarb\u00fbn\u00ea me qa\u00eedey\u00ean l\u00eestik\u00ea qeb\u00fbl nekir!<\/span><\/span> <span class=\"jCAhz ChMk0b\"><span class=\"ryNqvb\">Di kap\u00eetal\u00eezma ku hem\u00fb qad\u00ean jiyan\u00ea xistiye bin \u015fert \u00fb merc\u00ean bazar\u00ea de, raman\u00ean me bi xwe j\u00ee \u015fekl\u00ea e\u015fyayek\u00ea girtine.<\/span><\/span><br \/>\n<strong><span class=\"jCAhz ChMk0b\"><span class=\"ryNqvb\">Em k\u00ee ne?<\/span><\/span> <\/strong><br \/>\n<span class=\"jCAhz ChMk0b\"><span class=\"ryNqvb\">Em \u00e7alakvan\u00ean konfederal\u00eezma pan-Fr\u00eesyay\u00ee ne;<\/span><\/span> <span class=\"jCAhz ChMk0b\"><span class=\"ryNqvb\">her wiha li dij\u00ee hem\u00fb curey\u00ean nijadperestiy\u00ea;<\/span><\/span> <span class=\"jCAhz ChMk0b\"><span class=\"ryNqvb\">\u00fb li dij\u00ee cudakariya li dij\u00ee hem\u00fb k\u00eamneteweyan;<\/span><\/span> <span class=\"jCAhz ChMk0b\"><span class=\"ryNqvb\">her wiha li dij\u00ee her misantrop\u00eeyeke gir\u00eaday\u00ee kom\u00ea.<\/span><\/span> <span class=\"jCAhz ChMk0b\"><span class=\"ryNqvb\">Em ji tevgera UBI, tevgera azadiya heywanan, tevger\u00ean maf\u00ean mirovan \u00fb maf\u00ean meden\u00ee, tevger\u00ean reform\u00ea y\u00ean Yek\u00eetiya Ewrop\u00ee \u00fb Netewey\u00ean Yekb\u00fby\u00ee, d\u00eemena dorp\u00ea\u00e7kirina Berl\u00een\u00ea, tevger\u00ean fem\u00een\u00eest \u00ean p\u00eal\u00ean 2. \u00fb 3., civaka qe\u015feng, LGBTI, astengdar t\u00ean. \u00fb tecrubeya der\u00fbn\u00ee, kir\u00eadar, dij-jener\u00eefkirin, b\u00eamal, derbeder, bikarh\u00eaner\u00ean narkot\u00eek\u00ea, hunermend\u00ean d\u00eetbar\u00ee y\u00ean rad\u00eekal, karker, b\u00eakar, redkirina kar \u00fb tevger\u00ean penaberan \u00fb ne her\u00ee daw\u00ee ji tevger\u00ean parastina cewher\u00ee, xweza \u00fb avheway\u00ea;<\/span><\/span> <span class=\"jCAhz ChMk0b\"><span class=\"ryNqvb\">em al\u00eegir\u00ean felsefey\u00ean b\u00fbrj\u00fbva-l\u00eeberal \u00fb nerm-muhafezekar, l\u00eeberal, sosyal-l\u00eeberal, sosyal-demokrat, demokrat-sosyal\u00eest, gel\u00ear\u00ee-demokrat, sosyal\u00eest an anar\u015f\u00eest, her\u00ee z\u00eade hem\u00fb felsefey\u00ean siyas\u00ee y\u00ean wekhev\u00eexwaz in;<\/span><\/span> <span class=\"jCAhz ChMk0b\"><span class=\"ryNqvb\">em ruhan\u00ee ne an j\u00ee mirovhez in.<\/span><\/span> <span class=\"jCAhz ChMk0b\"><span class=\"ryNqvb\">Em reformxwaz an \u015fore\u015fger in ku tev\u00ee b\u00eah\u00eav\u00eetiy\u00ean b\u00eahempa baweriya xwe winda nekirine.<\/span><\/span><br \/>\n<strong><span class=\"jCAhz ChMk0b\"><span class=\"ryNqvb\">Div\u00ea ez bi k\u00eejan riy\u00ea bi\u00e7im?<\/span><\/span> <\/strong><br \/>\n<span class=\"jCAhz ChMk0b\"><span class=\"ryNqvb\">Em naxwazin herin navenda desthilatdariy\u00ea, belk\u00ee em dixwazin ku n\u00eezama serdest ji k\u00ealekan, ji lawaz \u00fb derbideran hilwe\u015f\u00eenin \u00fb li \u015f\u00fbna normal\u00eeteya alman\u00ee pirrengiyek reng\u00een bih\u00ealin.<\/span><\/span> <span class=\"jCAhz ChMk0b\"><span class=\"ryNqvb\">Pirreng\u00ee ne li ser yek\u00eeney\u00ean girt\u00ee y\u00ean kom\u00ean mirovan e.<\/span><\/span> <span class=\"jCAhz ChMk0b\"><span class=\"ryNqvb\">Div\u00ea em hem\u00fb endametiya koma xwe wek\u00ee am\u00fbr\u00ean \u00eest\u00eesmar \u00fb p\u00ea\u015fbaziya hevdu bib\u00eenin.<\/span><\/span> <span class=\"jCAhz ChMk0b\"><span class=\"ryNqvb\">Em ji bo mu\u015fterek diyar siyaseta nasnamey\u00ea nakin!<\/span><\/span> <span class=\"jCAhz ChMk0b\"><span class=\"ryNqvb\">Em hevkariy\u00ea &#8211; li \u015f\u00fbna p\u00ea\u015fbaziy\u00ea &#8211; dikin h\u00eaza p\u00ea\u015fkeftin\u00ea!<\/span><\/span><\/p>\n<\/div>\n<div dir=\"ltr\"><\/div>\n<div class=\"lRu31\" dir=\"ltr\" style=\"text-align: center\"><span class=\"HwtZe\" lang=\"ku\"><span class=\"HwtZe\" lang=\"ku\"><br \/>\n<span class=\"jCAhz ChMk0b\"><span class=\"ryNqvb\">VIV\u00ca CUDAH\u00ce!!!<\/span><\/span><\/span><\/span><\/p>\n<div id=\"ow1633\"><\/div>\n<\/div>\n<div class=\"UdTY9 WdefRb\" aria-hidden=\"true\" data-location=\"2\">\n<div class=\"kO6q6e\">\n<figure id=\"attachment_22\" aria-describedby=\"caption-attachment-22\" style=\"width: 929px\" class=\"wp-caption alignnone\"><img loading=\"lazy\" decoding=\"async\" class=\"wp-image-22\" src=\"https:\/\/sonstige.noblogs.org\/files\/2021\/06\/P1870835.cleaned-300x200.jpg\" alt=\"Ten\u00ea serdana vir\" width=\"929\" height=\"619\" srcset=\"https:\/\/sonstige.noblogs.org\/files\/2021\/06\/P1870835.cleaned-300x200.jpg 300w, https:\/\/sonstige.noblogs.org\/files\/2021\/06\/P1870835.cleaned-1024x682.jpg 1024w, https:\/\/sonstige.noblogs.org\/files\/2021\/06\/P1870835.cleaned-768x511.jpg 768w, https:\/\/sonstige.noblogs.org\/files\/2021\/06\/P1870835.cleaned-1536x1022.jpg 1536w, https:\/\/sonstige.noblogs.org\/files\/2021\/06\/P1870835.cleaned-2048x1363.jpg 2048w, https:\/\/sonstige.noblogs.org\/files\/2021\/06\/P1870835.cleaned-1568x1044.jpg 1568w\" sizes=\"auto, (max-width: 929px) 100vw, 929px\" \/><figcaption id=\"caption-attachment-22\" class=\"wp-caption-text\">Ten\u00ea serdana vir<\/figcaption><\/figure>\n<\/div>\n<\/div>\n","protected":false},"excerpt":{"rendered":"<p>Liewer d\u00fcd Slaawe xwar Bernameya partiy\u00ea ya partiya hindikahiy\u00ea Y\u00ca DINMe\u015fa n\u00fb ya saziyan nikare bibe bersiv ji t\u00eak\u00e7\u00fbna destp\u00eak\u00ea ya tevger\u00ean civak\u00ee re. Her \u00e7end em erka xwe ya partiy\u00ea p\u00eak neynin j\u00ee, em bi e\u015fkere pirsa desthilatdariy\u00ea t\u00eenin rojev\u00ea!Liewer d\u00fcd Slaawe xwar [Mirin ji ne azad \u00e7\u00eatir e] Em \u00e7i dixwazin? Em dixwazin &hellip; <\/p>\n<p class=\"link-more\"><a href=\"https:\/\/sonstige.noblogs.org\/en-US\/programm-kurdisch\/\" class=\"more-link\">Continue reading<span class=\"screen-reader-text\"> &#8220;Programm &#8211; bernameya partiy\u00ea (Kurmanciya Kurd\u00ee)&#8221;<\/span><\/a><\/p>\n","protected":false},"author":16750,"featured_media":0,"parent":0,"menu_order":0,"comment_status":"closed","ping_status":"closed","template":"","meta":{"_locale":"en_US","_original_post":"https:\/\/sonstige.noblogs.org\/?page_id=262","footnotes":""},"class_list":["post-262","page","type-page","status-publish","hentry","en-US","entry"],"_links":{"self":[{"href":"https:\/\/sonstige.noblogs.org\/wp-json\/wp\/v2\/pages\/262","targetHints":{"allow":["GET"]}}],"collection":[{"href":"https:\/\/sonstige.noblogs.org\/wp-json\/wp\/v2\/pages"}],"about":[{"href":"https:\/\/sonstige.noblogs.org\/wp-json\/wp\/v2\/types\/page"}],"author":[{"embeddable":true,"href":"https:\/\/sonstige.noblogs.org\/wp-json\/wp\/v2\/users\/16750"}],"replies":[{"embeddable":true,"href":"https:\/\/sonstige.noblogs.org\/wp-json\/wp\/v2\/comments?post=262"}],"version-history":[{"count":3,"href":"https:\/\/sonstige.noblogs.org\/wp-json\/wp\/v2\/pages\/262\/revisions"}],"predecessor-version":[{"id":268,"href":"https:\/\/sonstige.noblogs.org\/wp-json\/wp\/v2\/pages\/262\/revisions\/268"}],"wp:attachment":[{"href":"https:\/\/sonstige.noblogs.org\/wp-json\/wp\/v2\/media?parent=262"}],"curies":[{"name":"wp","href":"https:\/\/api.w.org\/{rel}","templated":true}]}}